{"id":363,"date":"2021-03-19T08:04:39","date_gmt":"2021-03-19T08:04:39","guid":{"rendered":"http:\/\/weserterrassen-nordenham.de\/?page_id=363"},"modified":"2024-11-25T09:06:55","modified_gmt":"2024-11-25T09:06:55","slug":"event-buchen","status":"publish","type":"page","link":"https:\/\/weserterrassen-nordenham.de\/index.php\/event-buchen\/","title":{"rendered":"Event buchen"},"content":{"rendered":"<h1>Buche unsere Location<br \/> f\u00fcr dein Traum-Event<\/h1>\n<div>\n<div>\n<p><strong>Ein Geburtstag, eine Hochzeit, eine Firmenfeier \u2014 <\/strong>was auch immer Du vorhast, unsere Eventlocation passt sich Dir an, <span>damit Du Deinen Geburtstag oder auch einfach eine Party mit Ideen ganz nach Deinem Geschmack umsetzen kannst: Feiere gro\u00df und verr\u00fcckt oder klein und stilvoll \u2013 ganz so, wie Du es Dir w\u00fcnschst.\u00a0<\/span><\/p>\n<p><strong>Unsere Eventlocation ist buchbar ab 25 bis zu 190 Personen (zzgl. Au\u00dfenbereich). Jetzt das Buchungsformular ausf\u00fcllen. Wir melden uns zeitnah zur\u00fcck.<\/strong><\/p>\n<\/div>\n<\/div>\n<ul>\n<li>\n<p>        <img src=\"\/wp-content\/uploads\/2021\/04\/ankerplatz.jpg\" alt=\"\"><\/p>\n<h3>Ankerplatz <\/h3>\n<p>66 m<sup>2<\/sup><\/p>\n<div>\n<p class=\"p1\">Der perfekte Ort f\u00fcr Deine kleine Feier oder f\u00fcr Dein Buffet bei einer gr\u00f6\u00dferen Feier. <em>Kann als separater Raum f\u00fcrs Buffet hinzugebucht werden.<\/em><\/p>\n<\/div>\n<\/li>\n<li>\n<p>        <img src=\"\/wp-content\/uploads\/2021\/04\/leuchtturmblick.jpg\" alt=\"\"><\/p>\n<h3>Leuchtturmblick<\/h3>\n<p>130 m<sup>2<\/sup><\/p>\n<div>\n<p>Mit direktem Blick auf den Nordenhamer Leuchtturm bietet dieser Raum die ideale Voraussetzung fu\u0308r Deine Feier. <em>Terrasse an Strandbar angrenzend.<\/em><\/p>\n<\/div>\n<\/li>\n<li>\n<p>        <img src=\"\/wp-content\/uploads\/2021\/04\/heimathafen.jpg\" alt=\"\"><\/p>\n<h3>Heimathafen<\/h3>\n<p>130 m<sup>2<\/sup><\/p>\n<div>\n<p class=\"p1\">Der Raum liegt in der Mitte der 3 R\u00e4ume und kann somit zu beiden Seiten ge\u00f6ffnet werden. <em>Mit einer integrierten Bar, perfekt f\u00fcr Feiern mit Tanz.<\/em><\/p>\n<\/div>\n<\/li>\n<\/ul>\n<h2>Infos zur Buchung<\/h2>\n<div>\n<h3>Buffets<\/h3>\n<div>\n<p class=\"p1\"><span>G\u00e4ste k\u00f6nnen ein Cateringunternehmen Ihrer eigenen Wahl f\u00fcr Essen und Getr\u00e4nke <\/span><span>beauftragen.<\/span>\u00a0<\/p>\n<p><span>\u00a0<\/span><\/p>\n<\/div>\n<\/div>\n<div>\n<h3>Unsere Event-R\u00e4ume<\/h3>\n<div>\n<p class=\"p1\"><strong>Unsere Eventlocation ist buchbar ab 25 bis zu 190 Personen (zzgl. Au\u00dfenbereich).<\/strong> Die Location ist aufgeteilt in 3 R\u00e4ume, die durch Trennw\u00e4nde individuell kombiniert werden k\u00f6nnen. Von jedem Raum hast Du Austritt auf die angrenzende Terrasse mit direktem Weserblick.<\/p>\n<p><span>\u00a0<\/span><\/p>\n<\/div>\n<\/div>\n<div>\n<h3>Reinigungsservice<\/h3>\n<div>\n<p class=\"p1\"><span>Die Grundreinigung wird unkompliziert durch \u201eFelkse\u201c dazugebucht. Wenn du m\u00f6chtest, kannst du auch die Vorbereitung der R\u00e4ume, die Bedienung am Abend und die Dekoration anfragen und hinzu buchen.<\/span><\/p>\n<\/div>\n<\/div>\n<div>\n<p>        <img src=\"\/wp-content\/uploads\/2021\/05\/Logo-Eventfieber_t.png\" alt=\"\"><\/p>\n<h3>Dekoration und mehr<\/h3>\n<p>Auf Anfrage<\/p>\n<div>\n<p>Unsere Gesch\u00e4ftsf\u00fchrerin Arischa Schmitz leitet au\u00dferdem das Unternehmen &#8222;Eventfieber&#8220;, damit wir gemeinsam Deine individuellen Dekorations-W\u00fcnsche umzusetzen k\u00f6nnen und Dein Fest etwas ganz Besonderes wird.<\/p>\n<\/div>\n<p><a href=\"https:\/\/eventfieber.de\/\"><\/a><\/p>\n<\/div>\n<ul>\n<li>\n<p>        <img src=\"\/wp-content\/uploads\/2022\/04\/trauung-2-scaled.jpg\" alt=\"\"><\/p>\n<\/li>\n<li>\n<p>        <img src=\"\/wp-content\/uploads\/2022\/03\/lia-1.jpg\" alt=\"\"><\/p>\n<\/li>\n<li>\n<p>        <img src=\"\/wp-content\/uploads\/2022\/03\/lia-2.jpg\" alt=\"\"><\/p>\n<\/li>\n<li>\n<p>        <img src=\"\/wp-content\/uploads\/2022\/04\/trauung-1-scaled.jpg\" alt=\"\"><\/p>\n<\/li>\n<\/ul>\n<h2>Freie Trauungen<\/h2>\n<div>\n<p>Buche unsere R\u00e4umlichkeiten zur Selbstverpflegung und gestalte deine Feier ganz nach deinen W\u00fcnschen. Bring deine eigenen Getr\u00e4nke mit und w\u00e4hle ein Cateringunternehmen deiner Wahl f\u00fcr das Essen. Feiere unvergessliche Momente in einer einzigartigen Atmosph\u00e4re!<\/p>\n<\/p>\n<p>Die Eventfl\u00e4che mit Blick auf das Wasser kann als reine Fl\u00e4che gebucht werden oder aber auch komplett durch uns best\u00fcckt werden. Im Anschlu\u00df kann dann direkt der <strong>Sektempfang auf der Terrasse<\/strong> stattfinden und nat\u00fcrlich sollte auch der Strand erw\u00e4hnt werden wo wundervolle Fotos gemacht werden k\u00f6nnen.<\/p>\n<\/div>\n<h1>Buchung anfragen<\/h1>\n<div>Buchungen f\u00fcr Events sind ab 25 Personen m\u00f6glich.<\/div>\n<div>\n<div role=\"form\" class=\"wpcf7\" id=\"wpcf7-f428-o1\" lang=\"de-DE\" dir=\"ltr\">\n<div class=\"screen-reader-response\"><p role=\"status\" aria-live=\"polite\" aria-atomic=\"true\"><\/p> <ul><\/ul><\/div>\n<form action=\"\/index.php\/wp-json\/wp\/v2\/pages\/363#wpcf7-f428-o1\" method=\"post\" class=\"wpcf7-form init\" novalidate=\"novalidate\" data-status=\"init\">\n<div style=\"display: none;\">\n<input type=\"hidden\" name=\"_wpcf7\" value=\"428\" \/>\n<input type=\"hidden\" name=\"_wpcf7_version\" value=\"5.4.1\" \/>\n<input type=\"hidden\" name=\"_wpcf7_locale\" value=\"de_DE\" \/>\n<input type=\"hidden\" name=\"_wpcf7_unit_tag\" value=\"wpcf7-f428-o1\" \/>\n<input type=\"hidden\" name=\"_wpcf7_container_post\" value=\"0\" \/>\n<input type=\"hidden\" name=\"_wpcf7_posted_data_hash\" value=\"\" \/>\n<\/div>\n<p><label> Name*<br \/>\n    <span class=\"wpcf7-form-control-wrap your-name\"><input type=\"text\" name=\"your-name\" value=\"\" size=\"40\" class=\"wpcf7-form-control wpcf7-text wpcf7-validates-as-required\" aria-required=\"true\" aria-invalid=\"false\" \/><\/span> <\/label><\/p>\n<p><label> E-Mail-Adresse*<br \/>\n    <span class=\"wpcf7-form-control-wrap your-email\"><input type=\"email\" name=\"your-email\" value=\"\" size=\"40\" class=\"wpcf7-form-control wpcf7-text wpcf7-email wpcf7-validates-as-required wpcf7-validates-as-email\" aria-required=\"true\" aria-invalid=\"false\" \/><\/span> <\/label><\/p>\n<p><label> Telefonnummer*<br \/>\n    <span class=\"wpcf7-form-control-wrap tel-778\"><input type=\"tel\" name=\"tel-778\" value=\"\" size=\"40\" class=\"wpcf7-form-control wpcf7-text wpcf7-tel wpcf7-validates-as-tel\" aria-invalid=\"false\" \/><\/span> <\/label><\/p>\n<p><label> Wann soll die Party steigen?*<br \/>\n<span class=\"wpcf7-form-control-wrap date-883\"><input type=\"date\" name=\"date-883\" value=\"\" class=\"wpcf7-form-control wpcf7-date wpcf7-validates-as-required wpcf7-validates-as-date\" aria-required=\"true\" aria-invalid=\"false\" \/><\/span> <\/label><\/p>\n<p>Gew\u00fcnschter Veranstaltungsraum*<br \/>\n<span class=\"wpcf7-form-control-wrap checkbox-466\"><span class=\"wpcf7-form-control wpcf7-checkbox\"><span class=\"wpcf7-list-item first\"><label><input type=\"checkbox\" name=\"checkbox-466[]\" value=\"Raum Leuchtturmblick\" \/><span class=\"wpcf7-list-item-label\">Raum Leuchtturmblick<\/span><\/label><\/span><span class=\"wpcf7-list-item\"><label><input type=\"checkbox\" name=\"checkbox-466[]\" value=\"Raum Ankerplatz\" \/><span class=\"wpcf7-list-item-label\">Raum Ankerplatz<\/span><\/label><\/span><span class=\"wpcf7-list-item last\"><label><input type=\"checkbox\" name=\"checkbox-466[]\" value=\"Raum Heimathafen\" \/><span class=\"wpcf7-list-item-label\">Raum Heimathafen<\/span><\/label><\/span><\/span><\/span><\/p>\n<p><label> Nachricht (optional)<br \/>\n    <span class=\"wpcf7-form-control-wrap your-message\"><textarea name=\"your-message\" cols=\"40\" rows=\"10\" class=\"wpcf7-form-control wpcf7-textarea\" aria-invalid=\"false\"><\/textarea><\/span> <\/label><\/p>\n<p><input type=\"submit\" value=\"Senden\" class=\"wpcf7-form-control wpcf7-submit\" \/><\/p>\n<div class=\"wpcf7-response-output\" aria-hidden=\"true\"><\/div><\/form><\/div>\n<\/div>\n<div>\n<p>* Pflichtangaben. <br \/>Deine pers\u00f6nlichen Daten werden nur im Zuge der Beantwortung Deiner Anfrage gespeichert.<\/p>\n<\/div>\n<p><!--more--><br \/>\n<!-- {\"name\":\"Careers\",\"type\":\"layout\",\"children\":[{\"name\":\"Einleitungstext\",\"type\":\"section\",\"props\":{\"width\":\"default\",\"style\":\"default\",\"image_size\":\"cover\",\"image_position\":\"center-center\",\"vertical_align\":\"middle\",\"title_position\":\"top-left\",\"title_rotation\":\"left\",\"title_breakpoint\":\"xl\",\"image\":\"wp-content\\\/uploads\\\/2021\\\/03\\\/pexels-fwstudio-129731-2-scaled.jpg\",\"media_overlay\":\"rgba(255, 255, 255, 0.67)\",\"header_transparent\":\"dark\",\"header_transparent_noplaceholder\":false,\"title\":\"Jetzt unsere Event-Location buchen\"},\"children\":[{\"name\":\"\",\"type\":\"row\",\"props\":{\"divider\":false,\"column_gap\":\"large\",\"row_gap\":\"large\",\"width\":\"default\",\"margin\":\"small\"},\"children\":[{\"name\":\"\",\"type\":\"column\",\"props\":{\"image_position\":\"center-center\",\"media_overlay_gradient\":\"\",\"width_medium\":\"\"},\"children\":[{\"name\":\"\",\"type\":\"headline\",\"props\":{\"title_element\":\"h1\",\"content\":\"Buche unsere Location<br \/> f\\u00fcr dein Traum-Event\",\"title_style\":\"heading-large\",\"text_align\":\"center\",\"margin\":\"default\",\"block_align\":\"center\"}},{\"name\":\"\",\"type\":\"list\",\"props\":{\"image\":true,\"image_align\":\"left\",\"margin\":\"default\",\"list_size\":\"\",\"show_image\":true,\"show_link\":true,\"image_svg_color\":\"emphasis\",\"image_vertical_align\":true,\"list_element\":\"ul\",\"column_breakpoint\":\"m\",\"text_align\":\"center\",\"maxwidth\":\"2xlarge\",\"block_align\":\"center\"},\"children\":[{\"name\":\"\",\"type\":\"list_item\",\"props\":{\"content\":\"\n\n<p><strong>Ein Geburtstag, eine Hochzeit, eine Firmenfeier \\u2014 <\\\/strong>was auch immer Du vorhast, unsere Eventlocation passt sich Dir an, <span>damit Du Deinen Geburtstag oder auch einfach eine Party mit Ideen ganz nach Deinem Geschmack umsetzen kannst: Feiere gro\\u00df und verr\\u00fcckt oder klein und stilvoll \\u2013 ganz so, wie Du es Dir w\\u00fcnschst.\\u00a0<\\\/span><\\\/p>\\n\n\n<p><strong>Unsere Eventlocation ist buchbar ab 25 bis zu 190 Personen (zzgl. Au\\u00dfenbereich). Jetzt das Buchungsformular ausf\\u00fcllen. Wir melden uns zeitnah zur\\u00fcck.<\\\/strong><\\\/p>\"}}]}]}]}]},{\"type\":\"section\",\"props\":{\"style\":\"default\",\"width\":\"\",\"vertical_align\":\"middle\",\"title_position\":\"top-left\",\"title_rotation\":\"left\",\"title_breakpoint\":\"xl\",\"image_position\":\"center-center\",\"image\":\"wp-content\\\/uploads\\\/photo-1527529482837-4698179dc6ce-scaled.jpg\",\"height\":\"section\",\"padding\":\"large\",\"image_size\":\"cover\",\"image_effect\":\"parallax\",\"image_parallax_bgy_start\":\"-170\"},\"children\":[{\"type\":\"row\",\"props\":{\"margin\":\"large\"},\"children\":[{\"type\":\"column\",\"props\":{\"image_position\":\"center-center\",\"media_overlay_gradient\":\"\"},\"children\":[]}]}]},{\"name\":\"Event-R\\u00e4ume\",\"type\":\"section\",\"props\":{\"width\":\"default\",\"style\":\"primary\",\"image_size\":\"cover\",\"image_position\":\"center-center\",\"vertical_align\":\"middle\",\"title_position\":\"top-left\",\"title_rotation\":\"left\",\"title_breakpoint\":\"xl\",\"image\":\"\",\"media_overlay\":\"rgba(20, 56, 72, 0.98)\",\"title\":\"Jetzt passenden Party-Raum buchen\",\"padding\":\"large\"},\"children\":[{\"name\":\"\",\"type\":\"row\",\"children\":[{\"name\":\"\",\"type\":\"column\",\"props\":{\"image_position\":\"center-center\",\"media_overlay_gradient\":\"\",\"width_medium\":\"\"},\"children\":[{\"name\":\"\",\"type\":\"grid\",\"props\":{\"show_title\":true,\"show_meta\":true,\"show_content\":true,\"show_image\":true,\"show_link\":true,\"grid_default\":\"1\",\"grid_medium\":\"3\",\"title_element\":\"h3\",\"meta_style\":\"h3\",\"meta_align\":\"below-title\",\"image_align\":\"top\",\"image_grid_width\":\"1-2\",\"link_text\":\"Read more\",\"link_style\":\"default\",\"margin\":\"medium\",\"text_align\":\"center\",\"grid_small\":\"2\",\"filter_style\":\"tab\",\"filter_all\":true,\"filter_position\":\"top\",\"filter_align\":\"left\",\"filter_grid_width\":\"auto\",\"title_align\":\"top\",\"title_grid_width\":\"1-2\",\"image_svg_color\":\"emphasis\",\"item_animation\":true,\"title_hover_style\":\"reset\",\"grid_column_gap\":\"large\",\"grid_row_gap\":\"large\",\"filter_grid_breakpoint\":\"m\",\"title_grid_breakpoint\":\"m\",\"image_grid_breakpoint\":\"m\",\"content_column_breakpoint\":\"m\",\"icon_width\":40,\"meta_element\":\"div\",\"image_border\":\"circle\",\"image_width\":\"200\",\"image_height\":\"200\",\"image_link\":false,\"image_transition\":\"scale-up\",\"title_style\":\"heading-small\",\"meta_margin\":\"remove\"},\"children\":[{\"name\":\"\",\"type\":\"grid_item\",\"props\":{\"title\":\"Ankerplatz \",\"content\":\"\n\n<p class=\\\"p1\\\">Der perfekte Ort f\\u00fcr Deine kleine Feier oder f\\u00fcr Dein Buffet bei einer gr\\u00f6\\u00dferen Feier. <em>Kann als separater Raum f\\u00fcrs Buffet hinzugebucht werden.<\\\/em><\\\/p>\",\"icon\":\"\",\"image\":\"wp-content\\\/uploads\\\/2021\\\/04\\\/ankerplatz.jpg\",\"meta\":\"66 m<sup>2<\\\/sup>\"}},{\"name\":\"\",\"type\":\"grid_item\",\"props\":{\"title\":\"Leuchtturmblick\",\"content\":\"\n\n<p>Mit direktem Blick auf den Nordenhamer Leuchtturm bietet dieser Raum die ideale Voraussetzung fu\\u0308r Deine Feier. <em>Terrasse an Strandbar angrenzend.<\\\/em><\\\/p>\",\"icon\":\"\",\"image\":\"wp-content\\\/uploads\\\/2021\\\/04\\\/leuchtturmblick.jpg\",\"meta\":\"130 m<sup>2<\\\/sup>\"}},{\"name\":\"\",\"type\":\"grid_item\",\"props\":{\"title\":\"Heimathafen\",\"content\":\"\n\n<p class=\\\"p1\\\">Der Raum liegt in der Mitte der 3 R\\u00e4ume und kann somit zu beiden Seiten ge\\u00f6ffnet werden. <em>Mit einer integrierten Bar, perfekt f\\u00fcr Feiern mit Tanz.<\\\/em><\\\/p>\",\"icon\":\"\",\"image\":\"wp-content\\\/uploads\\\/2021\\\/04\\\/heimathafen.jpg\",\"meta\":\"130 m<sup>2<\\\/sup>\"}}]}]}]}]},{\"type\":\"section\",\"props\":{\"style\":\"default\",\"width\":\"xlarge\",\"vertical_align\":\"middle\",\"title_position\":\"top-left\",\"title_rotation\":\"left\",\"title_breakpoint\":\"xl\",\"image_position\":\"center-center\",\"image\":\"wp-content\\\/uploads\\\/2021\\\/03\\\/anker_dunkel.svg\",\"image_size\":\"cover\",\"title\":\"Infos zur Buchung\",\"image_effect\":\"fixed\",\"media_blend_mode\":\"color-dodge\",\"media_background\":\"#F1F6F8\"},\"children\":[{\"type\":\"row\",\"props\":{\"margin\":\"medium\"},\"children\":[{\"type\":\"column\",\"props\":{\"image_position\":\"center-center\",\"media_overlay_gradient\":\"\"},\"children\":[{\"name\":\"\",\"type\":\"headline\",\"props\":{\"title_element\":\"h2\",\"title_style\":\"heading-small\",\"text_align\":\"left\",\"text_align_breakpoint\":\"l\",\"text_align_fallback\":\"center\",\"animation\":\"none\",\"content\":\"Infos zur Buchung\",\"margin_remove_top\":false,\"parallax_y_start\":\"0\",\"parallax_y_end\":\"-50\",\"parallax_viewport\":\"0.4\",\"margin\":\"xlarge\"}}]}]},{\"type\":\"row\",\"props\":{\"layout\":\"1-4,1-4,1-4,1-4|1-2,1-2,1-2,1-2\",\"margin\":\"remove-vertical\",\"divider\":false},\"children\":[{\"type\":\"column\",\"props\":{\"image_position\":\"center-center\",\"media_overlay_gradient\":\"\",\"width_medium\":\"1-4\",\"width_small\":\"1-2\"},\"children\":[{\"type\":\"panel\",\"props\":{\"link_text\":\"Read more\",\"title_hover_style\":\"reset\",\"title_element\":\"h3\",\"title_align\":\"top\",\"title_grid_width\":\"1-2\",\"title_grid_breakpoint\":\"m\",\"meta_style\":\"meta\",\"meta_align\":\"below-title\",\"meta_element\":\"div\",\"content_column_breakpoint\":\"m\",\"icon_width\":80,\"image_align\":\"top\",\"image_grid_width\":\"1-2\",\"image_grid_breakpoint\":\"m\",\"image_svg_color\":\"emphasis\",\"link_style\":\"default\",\"margin\":\"default\",\"content\":\"\n\n<p class=\\\"p1\\\"><span>G\\u00e4ste k\\u00f6nnen ein Cateringunternehmen Ihrer eigenen Wahl f\\u00fcr Essen und Getr\\u00e4nke <\\\/span><span>beauftragen.<\\\/span>\\u00a0<\\\/p>\\n\n\n<p><span>\\u00a0<\\\/span><\\\/p>\",\"title\":\"Buffets\",\"meta\":\"\"}}]},{\"type\":\"column\",\"props\":{\"image_position\":\"center-center\",\"media_overlay_gradient\":\"\",\"width_medium\":\"1-4\",\"width_small\":\"1-2\"},\"children\":[{\"type\":\"panel\",\"props\":{\"link_text\":\"Read more\",\"title_hover_style\":\"reset\",\"title_element\":\"h3\",\"title_align\":\"top\",\"title_grid_width\":\"1-2\",\"title_grid_breakpoint\":\"m\",\"meta_style\":\"meta\",\"meta_align\":\"below-title\",\"meta_element\":\"div\",\"content_column_breakpoint\":\"m\",\"icon_width\":80,\"image_align\":\"top\",\"image_grid_width\":\"1-2\",\"image_grid_breakpoint\":\"m\",\"image_svg_color\":\"emphasis\",\"link_style\":\"default\",\"margin\":\"default\",\"content\":\"\n\n<p class=\\\"p1\\\"><strong>Unsere Eventlocation ist buchbar ab 25 bis zu 190 Personen (zzgl. Au\\u00dfenbereich).<\\\/strong> Die Location ist aufgeteilt in 3 R\\u00e4ume, die durch Trennw\\u00e4nde individuell kombiniert werden k\\u00f6nnen. Von jedem Raum hast Du Austritt auf die angrenzende Terrasse mit direktem Weserblick.<\\\/p>\\n\n\n<p><span>\\u00a0<\\\/span><\\\/p>\",\"title\":\"Unsere Event-R\\u00e4ume\",\"meta\":\"\"}}]},{\"type\":\"column\",\"props\":{\"image_position\":\"center-center\",\"media_overlay_gradient\":\"\",\"width_medium\":\"1-4\",\"width_small\":\"1-2\"},\"children\":[{\"type\":\"panel\",\"props\":{\"link_text\":\"Read more\",\"title_hover_style\":\"reset\",\"title_element\":\"h3\",\"title_align\":\"top\",\"title_grid_width\":\"1-2\",\"title_grid_breakpoint\":\"m\",\"meta_style\":\"meta\",\"meta_align\":\"below-title\",\"meta_element\":\"div\",\"content_column_breakpoint\":\"m\",\"icon_width\":80,\"image_align\":\"top\",\"image_grid_width\":\"1-2\",\"image_grid_breakpoint\":\"m\",\"image_svg_color\":\"emphasis\",\"link_style\":\"default\",\"margin\":\"default\",\"content\":\"\n\n<p class=\\\"p1\\\"><span>Die Grundreinigung wird unkompliziert durch \\u201eFelkse\\u201c dazugebucht. Wenn du m\\u00f6chtest, kannst du auch die Vorbereitung der R\\u00e4ume, die Bedienung am Abend und die Dekoration anfragen und hinzu buchen.<\\\/span><\\\/p>\",\"title\":\"Reinigungsservice\",\"meta\":\"\"}}]},{\"type\":\"column\",\"props\":{\"image_position\":\"center-center\",\"media_overlay_gradient\":\"\",\"width_medium\":\"1-4\",\"width_small\":\"1-2\"},\"children\":[{\"type\":\"panel\",\"props\":{\"link_text\":\"\",\"title_hover_style\":\"reset\",\"title_element\":\"h3\",\"title_align\":\"top\",\"title_grid_width\":\"1-2\",\"title_grid_breakpoint\":\"m\",\"meta_style\":\"h3\",\"meta_align\":\"below-title\",\"meta_element\":\"div\",\"content_column_breakpoint\":\"m\",\"icon_width\":80,\"image_align\":\"bottom\",\"image_grid_width\":\"1-2\",\"image_grid_breakpoint\":\"m\",\"image_svg_color\":\"emphasis\",\"link_style\":\"default\",\"margin\":\"default\",\"content\":\"\n\n<p>Unsere Gesch\\u00e4ftsf\\u00fchrerin Arischa Schmitz leitet au\\u00dferdem das Unternehmen \\\"Eventfieber\\\", damit wir gemeinsam Deine individuellen Dekorations-W\\u00fcnsche umzusetzen k\\u00f6nnen und Dein Fest etwas ganz Besonderes wird.<\\\/p>\",\"title\":\"Dekoration und mehr\",\"meta\":\"Auf Anfrage\",\"image\":\"wp-content\\\/uploads\\\/2021\\\/05\\\/Logo-Eventfieber_t.png\",\"link\":\"https:\\\/\\\/eventfieber.de\\\/\",\"title_link\":true,\"image_link\":true,\"image_transition\":\"scale-up\",\"link_target\":true,\"status\":\"\",\"meta_color\":\"success\",\"meta_margin\":\"small\",\"image_width\":\"150\"}}]}]}],\"name\":\"Infos zur Buchung\"},{\"type\":\"section\",\"props\":{\"style\":\"default\",\"width\":\"large\",\"vertical_align\":\"middle\",\"title_position\":\"top-left\",\"title_rotation\":\"left\",\"title_breakpoint\":\"xl\",\"image_position\":\"center-center\",\"width_expand\":\"left\",\"padding\":\"none\",\"padding_remove_top\":false,\"padding_remove_bottom\":false,\"id\":\"trauungen\"},\"children\":[{\"type\":\"row\",\"props\":{\"layout\":\"2-3,1-3\",\"column_gap\":\"large\",\"row_gap\":\"large\"},\"children\":[{\"type\":\"column\",\"props\":{\"image_position\":\"center-center\",\"media_overlay_gradient\":\"\",\"width_medium\":\"\",\"vertical_align\":\"middle\",\"width_small\":\"\",\"width_large\":\"2-3\",\"position_sticky_breakpoint\":\"m\"},\"children\":[{\"type\":\"slideshow\",\"props\":{\"show_title\":true,\"show_meta\":true,\"show_content\":true,\"show_link\":true,\"show_thumbnail\":true,\"slideshow_min_height\":\"800\",\"slideshow_autoplay_pause\":true,\"nav\":\"dotnav\",\"nav_position\":\"bottom-center\",\"nav_position_margin\":\"medium\",\"nav_align\":\"center\",\"nav_breakpoint\":\"s\",\"thumbnav_width\":\"100\",\"thumbnav_height\":\"75\",\"thumbnav_svg_color\":\"emphasis\",\"slidenav\":\"default\",\"slidenav_margin\":\"medium\",\"slidenav_breakpoint\":\"s\",\"slidenav_outside_breakpoint\":\"xl\",\"overlay_position\":\"center-left\",\"overlay_animation\":\"parallax\",\"title_element\":\"h3\",\"meta_style\":\"meta\",\"meta_align\":\"below-title\",\"meta_element\":\"div\",\"link_text\":\"Read more\",\"link_style\":\"default\",\"margin\":\"remove-vertical\",\"overlay_margin\":\"none\",\"image_width\":\"1300\",\"image_height\":\"900\",\"container_padding_remove\":true,\"slideshow_autoplay\":true},\"children\":[{\"type\":\"slideshow_item\",\"props\":{\"image\":\"wp-content\\\/uploads\\\/2022\\\/04\\\/trauung-2-scaled.jpg\"}},{\"type\":\"slideshow_item\",\"props\":{\"image\":\"wp-content\\\/uploads\\\/2022\\\/03\\\/lia-1.jpg\"}},{\"type\":\"slideshow_item\",\"props\":{\"image\":\"wp-content\\\/uploads\\\/2022\\\/03\\\/lia-2.jpg\"}},{\"type\":\"slideshow_item\",\"props\":{\"image\":\"wp-content\\\/uploads\\\/2022\\\/04\\\/trauung-1-scaled.jpg\"}}]}]},{\"type\":\"column\",\"props\":{\"image_position\":\"center-center\",\"media_overlay_gradient\":\"\",\"width_medium\":\"\",\"vertical_align\":\"middle\",\"width_small\":\"\",\"width_large\":\"1-3\",\"position_sticky_breakpoint\":\"m\"},\"children\":[{\"name\":\"\",\"type\":\"headline\",\"props\":{\"title_element\":\"h2\",\"title_style\":\"heading-small\",\"text_align\":\"left\",\"text_align_breakpoint\":\"l\",\"text_align_fallback\":\"center\",\"animation\":\"none\",\"content\":\"Freie Trauungen\",\"margin_remove_top\":true,\"parallax_y_start\":\"0\",\"parallax_y_end\":\"-50\",\"parallax_viewport\":\"0.4\"}},{\"name\":\"\",\"type\":\"text\",\"props\":{\"margin\":\"medium\",\"column_breakpoint\":\"m\",\"text_align\":\"left\",\"text_align_breakpoint\":\"l\",\"text_align_fallback\":\"center\",\"maxwidth\":\"xlarge\",\"maxwidth_breakpoint\":\"m\",\"animation\":\"none\",\"content\":\"\n\n<p>Buche unsere R\\u00e4umlichkeiten zur Selbstverpflegung und gestalte deine Feier ganz nach deinen W\\u00fcnschen. Bring deine eigenen Getr\\u00e4nke mit und w\\u00e4hle ein Cateringunternehmen deiner Wahl f\\u00fcr das Essen. Feiere unvergessliche Momente in einer einzigartigen Atmosph\\u00e4re!<\\\/p>\\n\n\n<p><\\\/p>\\n\n\n<p>Die Eventfl\\u00e4che mit Blick auf das Wasser kann als reine Fl\\u00e4che gebucht werden oder aber auch komplett durch uns best\\u00fcckt werden. Im Anschlu\\u00df kann dann direkt der <strong>Sektempfang auf der Terrasse<\\\/strong> stattfinden und nat\\u00fcrlich sollte auch der Strand erw\\u00e4hnt werden wo wundervolle Fotos gemacht werden k\\u00f6nnen.<\\\/p>\",\"margin_remove_top\":false,\"parallax_x_end\":\"0\",\"parallax_x_start\":\"150\",\"parallax_easing\":\"0.3\",\"block_align_breakpoint\":\"l\",\"block_align_fallback\":\"center\"}}]}]}],\"name\":\"Freie Trauungen\"},{\"name\":\"Buchungsanfrage\",\"type\":\"section\",\"props\":{\"width\":\"default\",\"padding\":\"large\",\"style\":\"default\",\"padding_remove_top\":false,\"image_size\":\"cover\",\"image_position\":\"top-left\",\"vertical_align\":\"middle\",\"title_position\":\"top-left\",\"title_rotation\":\"left\",\"title_breakpoint\":\"xl\",\"image\":\"wp-content\\\/uploads\\\/2021\\\/03\\\/pexels-fwstudio-129731-2-scaled.jpg\",\"media_overlay\":\"rgba(255, 255, 255, 0.68)\",\"title\":\"Ihre Buchung anfragen\",\"id\":\"anfrage\"},\"children\":[{\"name\":\"\",\"type\":\"row\",\"children\":[{\"name\":\"\",\"type\":\"column\",\"props\":{\"image_position\":\"center-center\",\"media_overlay_gradient\":\"\",\"width_medium\":\"\",\"style\":\"default\"},\"children\":[{\"type\":\"headline\",\"props\":{\"title_element\":\"h1\",\"content\":\"Buchung anfragen\",\"margin_remove_bottom\":true}},{\"type\":\"text\",\"props\":{\"margin\":\"default\",\"column_breakpoint\":\"m\",\"content\":\"Buchungen f\\u00fcr Events sind ab 25 Personen m\\u00f6glich.\",\"margin_remove_top\":true}},{\"type\":\"text\",\"props\":{\"margin\":\"remove-vertical\",\"column_breakpoint\":\"m\",\"content\":\"\n\n<p>[contact-form-7 id=\\\"428\\\" title=\\\"Event buchen\\\"]<\\\/p>\",\"css\":\"input[type=\\\"text\\\"],\\ninput[type=\\\"email\\\"],\\ninput[type=\\\"tel\\\"]\\n{\\n    background-color: #fff;\\n    color: #333;\\n    border: 1px solid #dcdcdc;\\n    height: 30px;\\n    width: 100%;\\n    padding-left: 10px;\\n    font-family: Roboto;\\n    font-size: 15px;\\n}\\n\\ntextarea\\n{\\n    border: 1px solid #dcdcdc;\\n    width: 100%;\\n    padding-left: 10px;\\n    padding-top: 10px;\\n    font-family: Roboto;\\n    font-size: 15px;\\n}\\n\\ninput[type=\\\"date\\\"] {\\n    \\n    border: 1px solid #dcdcdc;\\n    padding: 5px;\\n    font-family: Roboto;\\n    font-size: 15px;\\n    color: #7f7f7f;\\n}\\n\\nselect\\n{\\n    border: 1px solid #dcdcdc;\\n    padding: 8px;\\n    color: #7f7f7f;\\n}\\n\\n.wpcf7 .wpcf7-submit{\\n      border: 1px solid #004f90;\\n    background-color: #fff;\\n    padding: 15px;\\n    width: 20%;\\n    text-transform: uppercase;\\n    letter-spacing: 1px;\\n    font-family: Bebas Neue;\\n    font-size: 20px;\\n    font-weight: 400;\\n    color: #143848;\\n    transition: .1s ease-in-out;\\n}\\n\\n.wpcf7 .wpcf7-submit:hover{\\n    border: 1px solid #fff;\\n    background-color: #143848;\\n    padding: 15px;\\n    width: 20%;\\n    text-transform: uppercase;\\n    letter-spacing:1px;\\n    font-family: Bebas Neue;\\n        font-size: 20px;\\n    font-weight: 400;\\n    color: #fff;\\n    transition: .1s ease-in-out;\\n}\\n\\n\\n.wpcf7 div.wpcf7-response-output {\\nbackground-color:#044c86;\\nfont-size:18px;\\n    color: #fff;\\nborder:none;\\n}\"}},{\"type\":\"text\",\"props\":{\"margin\":\"remove-vertical\",\"column_breakpoint\":\"m\",\"content\":\"\n\n<p>* Pflichtangaben. <br \\\/>Deine pers\\u00f6nlichen Daten werden nur im Zuge der Beantwortung Deiner Anfrage gespeichert.<\\\/p>\",\"text_style\":\"meta\"}}]}],\"props\":{\"width\":\"default\",\"width_expand\":\"right\",\"column_gap\":\"large\"}}]}],\"version\":\"2.4.21\"} --><\/p>\n","protected":false},"excerpt":{"rendered":"<p>Buche unsere Location f\u00fcr dein Traum-Event Ein Geburtstag, eine Hochzeit, eine Firmenfeier \u2014 was auch immer Du vorhast, unsere Eventlocation passt sich Dir an, damit Du Deinen Geburtstag oder auch einfach eine Party mit Ideen ganz nach Deinem Geschmack umsetzen kannst: Feiere gro\u00df und verr\u00fcckt oder klein und stilvoll \u2013 ganz so, wie Du es [&hellip;]<\/p>\n","protected":false},"author":2,"featured_media":0,"parent":0,"menu_order":0,"comment_status":"closed","ping_status":"closed","template":"","meta":[],"_links":{"self":[{"href":"https:\/\/weserterrassen-nordenham.de\/index.php\/wp-json\/wp\/v2\/pages\/363"}],"collection":[{"href":"https:\/\/weserterrassen-nordenham.de\/index.php\/wp-json\/wp\/v2\/pages"}],"about":[{"href":"https:\/\/weserterrassen-nordenham.de\/index.php\/wp-json\/wp\/v2\/types\/page"}],"author":[{"embeddable":true,"href":"https:\/\/weserterrassen-nordenham.de\/index.php\/wp-json\/wp\/v2\/users\/2"}],"replies":[{"embeddable":true,"href":"https:\/\/weserterrassen-nordenham.de\/index.php\/wp-json\/wp\/v2\/comments?post=363"}],"version-history":[{"count":201,"href":"https:\/\/weserterrassen-nordenham.de\/index.php\/wp-json\/wp\/v2\/pages\/363\/revisions"}],"predecessor-version":[{"id":1606,"href":"https:\/\/weserterrassen-nordenham.de\/index.php\/wp-json\/wp\/v2\/pages\/363\/revisions\/1606"}],"wp:attachment":[{"href":"https:\/\/weserterrassen-nordenham.de\/index.php\/wp-json\/wp\/v2\/media?parent=363"}],"curies":[{"name":"wp","href":"https:\/\/api.w.org\/{rel}","templated":true}]}}